{"id":1584,"date":"2025-06-09T07:55:15","date_gmt":"2025-06-09T05:55:15","guid":{"rendered":"https:\/\/latetdanslesetoiles.com\/?page_id=1584"},"modified":"2025-06-09T07:55:15","modified_gmt":"2025-06-09T05:55:15","slug":"7e-edition","status":"publish","type":"page","link":"https:\/\/latetdanslesetoiles.com\/index.php\/7e-edition\/","title":{"rendered":"7e \u00e9dition"},"content":{"rendered":"\n<p class=\"has-vivid-cyan-blue-color has-text-color\">Samedi 31 ao\u00fbt 2024<\/p>\n\n\n\n<p>Angoustrine-Villeneuve-des-Escaldes<\/p>\n\n\n\n<p><strong>\u00c9glise paroissiale Saint-Andr\u00e9, 17 heures<\/strong>.<\/p>\n\n\n\n<h2 class=\"has-text-align-center\">Guitare galante<\/h2>\n\n\n\n<h4 class=\"has-text-align-center has-black-color has-text-color\">Duo Asphod\u00e8le<\/h4>\n\n\n\n<p>Sarah est une habitu\u00e9e du festival. Depuis quelques ann\u00e9es, elle forme avec Hugo un duo qui a d\u00e9j\u00e0 sonn\u00e9 dans des lieux tels que l\u2019Op\u00e9ra de Rennes, le Passage Sainte-Croix (Nantes), l\u2019Auditorium Cesaria Evora et la Salle d\u2019honneur de Dinan.<\/p>\n\n\n\n<p>Licenci\u00e9s en musicologie et fervents d\u00e9fenseurs de leurs instruments respectifs, ils se sont form\u00e9s aupr\u00e8s de musiciens de renom : Judica\u00ebl Perroy, Tristan Manoukian, Michel Grizard, Herv\u00e9 Merli, pour la guitare, et St\u00e9phanie d\u2019Oustrac, Olga Pitarch, Isabelle Poulenard, pour le chant.<\/p>\n\n\n\n<p>Leur ensemble est soutenu par le violoncelliste Alain Brunier et la contrebassiste Laur\u00e8ne Durantel. Ils se produisent aussi s\u00e9par\u00e9ment dans diff\u00e9rents ensembles de musique de chambre (Ricercare Guitar Quartet, Duo Couleurs traversantes.<\/p>\n\n\n\n<p class=\"has-vivid-cyan-blue-color has-text-color\"><strong>Interpr\u00e8tes<\/strong><\/p>\n\n\n\n<p>         <strong>Sarah Rodriguez<\/strong>, soprano<\/p>\n\n\n\n<p>        <strong>Hugo Levavasseur<\/strong>, guitare  <\/p>\n\n\n\n<p class=\"has-vivid-cyan-blue-color has-text-color\"><strong>Programme<\/strong><\/p>\n\n\n\n<p><strong>John Dowland<\/strong><br>     <em>Wild Thou Unkind Thus Reave Me <\/em><br>     <em>Weep you no more<br>     Flow my teares<\/em><br><strong>Franz Schubert<\/strong><br>     <em>St\u00e4ndchen <\/em><br>     <em>Sehnsucht<\/em><br><strong>Heitor Villa-Lobos<\/strong><br>     <em>Bachianas Brasileiras no 5<\/em><br>     \u2013 I. Aria<br><strong>Francisco T\u00e1rrega<\/strong><br>     <em>Capricho \u00e1rabe<\/em><br><strong>Gianbattista Pergolesi<\/strong><br>     <em>Tre giorni son che Nina<\/em><br><strong>Antonio Cesti<\/strong><br>     <em>Orontea<\/em><br>     \u2013 Intorno al\u2019idol mio<br><strong>Antonio Scarlatti<\/strong><br>     <em>Violette<\/em><br><strong>Gabriel Faur\u00e9<\/strong><br>     <em>Apr\u00e8s un r\u00eave<br>     Les Berceaux<\/em><br><strong>Isaac Alb\u00e9niz<\/strong><br>     <em>Mallorca<\/em><br><strong>Manuel de Falla<\/strong><br>     <em>Siete canciones populares espa\u00f1olas<br>   <\/em>  \u2013 Asturiana<br>     \u2013 Nana<br>     \u2013 El pa\u00f1o moruno<\/p>\n\n\n\n<p><strong>Dur\u00e9e : 1 heure<\/strong><br><strong>Tarif plein\/r\u00e9duit : 15\/12 \u20ac<\/strong><\/p>\n\n\n\n<hr class=\"wp-block-separator has-alpha-channel-opacity\"\/>\n\n\n\n<p class=\"has-medium-font-size\"><a><strong>Samedi, 7&nbsp;septembre&nbsp;2024<\/strong><\/a><\/p>\n\n\n\n<p>Canet-en-Roussillon, th\u00e9\u00e2tre Jean Piat, 20&nbsp;h 30.<\/p>\n\n\n<div class=\"wp-block-image\">\n<figure class=\"aligncenter size-large\"><img loading=\"lazy\" width=\"728\" height=\"1024\" src=\"http:\/\/latetdanslesetoiles.com\/wp-content\/uploads\/2024\/06\/posterA3-Canet-2-728x1024.jpg\" alt=\"\" class=\"wp-image-1541\" srcset=\"https:\/\/latetdanslesetoiles.com\/wp-content\/uploads\/2024\/06\/posterA3-Canet-2-728x1024.jpg 728w, https:\/\/latetdanslesetoiles.com\/wp-content\/uploads\/2024\/06\/posterA3-Canet-2-213x300.jpg 213w, https:\/\/latetdanslesetoiles.com\/wp-content\/uploads\/2024\/06\/posterA3-Canet-2-768x1080.jpg 768w, https:\/\/latetdanslesetoiles.com\/wp-content\/uploads\/2024\/06\/posterA3-Canet-2.jpg 859w\" sizes=\"(max-width: 728px) 100vw, 728px\" \/><\/figure><\/div>\n\n\n<h2 class=\"has-text-align-center\">L\u2019Homme qui plantait des arbres<br><\/h2>\n\n\n\n<p class=\"has-text-align-center\"><br><em>Spectacle musical d\u2019apr\u00e8s Giono, Ravel, Beethoven et Schubert<\/em><br><\/p>\n\n\n\n<h4 class=\"has-text-align-center\">Ensemble Cappella Forensis<\/h4>\n\n\n\n<p><\/p><p align=\"justify\">L\u2019ensemble Cappella Forensis, d\u00e9j\u00e0 pr\u00e9sent lors de la premi\u00e8re \u00e9dition du festival, nous fait le plaisir de revenir pour la septi\u00e8me. Cette fois-ci, il nous propose un spectacle musical d\u00e9j\u00e0 donn\u00e9 plus de 140 fois en France.\nL\u2019Homme qui plantait des arbres est tir\u00e9 de la nouvelle \u00e9ponyme de Jean Giono. Avec cette nouvelle, l\u2019\u00e9crivain r\u00e9pond \u00e0 une commande du magazine Reader\u2019s Digest sur le th\u00e8me \u00ab Le personnage le plus extraordinaire que j\u2019ai rencontr\u00e9 \u00bb. Il \u00e9crit ce r\u00e9cit pour \u00ab faire aimer \u00e0 planter des arbres \u00bb, une id\u00e9e qui lui est ch\u00e8re depuis toujours. En effet, la plantation d\u2019arbres est, selon lui, un des gestes premiers de la civilisation et l\u2019une des bases de la vraie richesse. On a voulu voir dans cette nouvelle une fable \u00e9cologiste, mais l\u2019optimisme de l\u2019\u00e9pilogue est une contrainte impos\u00e9e par le magazine.\nLes musiques qu\u2019a choisies Cappella Forensis pour mettre ce texte en lumi\u00e8re convoquent les capacit\u00e9s fantasmatiques de l\u2019auditeur. Elles viennent d\u00e9cupler l\u2019effet du r\u00e9cit pour le transporter dans des paradis perdus.\n<\/p><p><\/p>\n\n\n\n<p class=\"has-vivid-cyan-blue-color has-text-color\"><strong>Interpr\u00e8tes<\/strong><\/p>\n\n\n\n<p><strong>Laurent Chouteau<\/strong>, com\u00e9dien<br><strong>Damien Schulteiss<\/strong>, clarinette<br><strong>Alice Guillet,<\/strong> marimba<br><strong>Sven Riondet,<\/strong> accord\u00e9on<br><strong>Direction artistique et arrangements :<\/strong> Fran\u00e7ois Bernard<\/p>\n\n\n\n<p class=\"has-vivid-cyan-blue-color has-text-color\"><strong>Programme<\/strong><\/p>\n\n\n\n<p><strong>Ludwig van Beethoven<\/strong>, Neuvi\u00e8me symphonie <br>     <em>\u2013 <\/em>3e mouvement<\/p>\n\n\n\n<p><strong>Schubert, <\/strong>Winterreise (Le Voyage d\u2019hiver) <br>     \u2013 \u00ab Erstarrung \u00bb<\/p>\n\n\n\n<p><strong>Ludwig van Beethoven<\/strong>, <em>Septi\u00e8me symphonie <\/em><br>     \u2013 2e mouvement<\/p>\n\n\n\n<p><strong>Ludwig van Beethoven<\/strong>, Sixi\u00e8me symphonie <br>     \u2013 1er mouvement<\/p>\n\n\n\n<p><strong>Schubert,<\/strong> <em>Impromptu no 3 en sol b\u00e9mol majeur<\/em><\/p>\n\n\n\n<p><strong>Ludwig van Beethoven<\/strong>, <em>Sixi\u00e8me symphonie<\/em> <br>     \u2013 5e mouvement<\/p>\n\n\n\n<p><strong>Ravel<\/strong>, <em>Ma m\u00e8re l\u2019oye<\/em><br>     \u2013 Le Jardin f\u00e9erique<\/p>\n\n\n\n<p><strong>Dur\u00e9e : 1 heure 10<br>Tarif plein\/r\u00e9duit : 18\/15 \u20ac<\/strong><\/p>\n\n\n\n<figure class=\"wp-block-embed is-type-video is-provider-youtube wp-block-embed-youtube wp-embed-aspect-16-9 wp-has-aspect-ratio\"><div class=\"wp-block-embed__wrapper\">\n<iframe loading=\"lazy\" title=\"L&#039;homme qui plantait des arbres - Cappella Forensis\" width=\"750\" height=\"422\" src=\"https:\/\/www.youtube.com\/embed\/-gs-yV5i2RI?feature=oembed\" frameborder=\"0\" allow=\"accelerometer; autoplay; clipboard-write; encrypted-media; gyroscope; picture-in-picture; web-share\" referrerpolicy=\"strict-origin-when-cross-origin\" allowfullscreen><\/iframe>\n<\/div><\/figure>\n\n\n\n<hr class=\"wp-block-separator has-alpha-channel-opacity\"\/>\n\n\n\n<p class=\"has-vivid-cyan-blue-color has-text-color has-medium-font-size\"><\/p>\n\n\n\n<p class=\"has-vivid-cyan-blue-color has-text-color\"><\/p>\n","protected":false},"excerpt":{"rendered":"<p>Samedi 31 ao\u00fbt 2024 Angoustrine-Villeneuve-des-Escaldes \u00c9glise paroissiale Saint-Andr\u00e9, 17 heures. Guitare galante<a class=\"blog-post-excerpt-more\" href=\"https:\/\/latetdanslesetoiles.com\/index.php\/7e-edition\/\" rel=\"bookmark\"><i class=\"fa fa-angle-double-right\"><\/i><\/a><\/p>\n","protected":false},"author":1,"featured_media":0,"parent":0,"menu_order":0,"comment_status":"closed","ping_status":"closed","template":"","meta":[],"_links":{"self":[{"href":"https:\/\/latetdanslesetoiles.com\/index.php\/wp-json\/wp\/v2\/pages\/1584"}],"collection":[{"href":"https:\/\/latetdanslesetoiles.com\/index.php\/wp-json\/wp\/v2\/pages"}],"about":[{"href":"https:\/\/latetdanslesetoiles.com\/index.php\/wp-json\/wp\/v2\/types\/page"}],"author":[{"embeddable":true,"href":"https:\/\/latetdanslesetoiles.com\/index.php\/wp-json\/wp\/v2\/users\/1"}],"replies":[{"embeddable":true,"href":"https:\/\/latetdanslesetoiles.com\/index.php\/wp-json\/wp\/v2\/comments?post=1584"}],"version-history":[{"count":1,"href":"https:\/\/latetdanslesetoiles.com\/index.php\/wp-json\/wp\/v2\/pages\/1584\/revisions"}],"predecessor-version":[{"id":1585,"href":"https:\/\/latetdanslesetoiles.com\/index.php\/wp-json\/wp\/v2\/pages\/1584\/revisions\/1585"}],"wp:attachment":[{"href":"https:\/\/latetdanslesetoiles.com\/index.php\/wp-json\/wp\/v2\/media?parent=1584"}],"curies":[{"name":"wp","href":"https:\/\/api.w.org\/{rel}","templated":true}]}}