{"id":854,"date":"2021-05-31T11:30:54","date_gmt":"2021-05-31T09:30:54","guid":{"rendered":"http:\/\/latetdanslesetoiles.com\/?page_id=854"},"modified":"2021-09-07T11:54:58","modified_gmt":"2021-09-07T09:54:58","slug":"operas","status":"publish","type":"page","link":"https:\/\/latetdanslesetoiles.com\/index.php\/operas\/","title":{"rendered":"Concert lyrique cr\u00e9ation"},"content":{"rendered":"\n<p style=\"font-size:24px\"><strong> L&rsquo;op\u00e9ra au fil du temps<\/strong><\/p>\n\n\n\n<div align=\"justify\"><p>Dans <strong> la premi\u00e8re partie<\/strong> de ce programme, l\u2019orchestre accompagne Aurore dans de grands airs du r\u00e9pertoire : Bajazet(Vivaldi) : \u00ab Sposa, son disprezzata ; Le Nozze di Figaro(Mozart) : \u00ab Voi che sapete \u00bb ; La Dame de Pique(Tcha\u00efkovski) : Air de Pauline ; Carmen (Bizet) : Habanera ;Cavalleria rusticana (Mascagni) : \u00ab Voi lo sapete, oMamma \u00bb ; Il Trovatore (Verdi) : \u00ab Stride lavampa \u00bb ; et pour finir, \u00ab Una voce poco fa \u00bb, l\u2019air deRosine dans Le Barbier de S\u00e9ville (Rossini)<\/p>\n\n\n\n<p><\/p>\n\n\n\n<div align=\"justify\"><p><strong>La seconde partie<\/strong> s\u2019ouvre sur l\u2019ouverture d\u2019Egmont, premi\u00e8re partie de la musique de sc\u00e8ne que Beethoven composa pour le drame \u00e9ponyme de Goethe. Puis, orchestre et soliste rendent un hommage particulier \u00e0 Saint-Sa\u00ebns pour le centenaire de sa disparition en interpr\u00e9tant des extraits de deux de ses op\u00e9ras. Pour commencer, l\u2019ouverture et l\u2019air de L\u00e9na de La Princesse jaune. Il s\u2019agit d\u2019un avant-go\u00fbt de l\u2019interpr\u00e9tation de cette \u0153uvre que cr\u00e9era Op\u00e9ra Volubilis en 2022 avec Aurore dans le r\u00f4le de L\u00e9na. La Princesse jaune constituera le troisi\u00e8me et dernier volet de Saint-Sa\u00ebns,une c\u00e9l\u00e9bration en trois mouvements, un triptyque cr\u00e9\u00e9 par Op\u00e9ra Volubilis pour le centenaire de Saint-Sa\u00ebns.L\u2019orchestre joue ensuite la bacchanale de Samson et Dalila,l\u2019op\u00e9ra le plus c\u00e9l\u00e8bre du compositeur. Aurore le rejoint pour chanter deux airs de Dalila : \u00ab Amour, viens aider ma faiblesse \u00bb et \u00ab Mon c\u0153ur s\u2019ouvre \u00e0 ta voix \u00bb.<\/p>\n\n\n\n<p class=\"has-text-color has-vivid-cyan-blue-color\">Op\u00e9ra Volubilis Orquestra<\/p>\n\n\n\n<p>Lucie Carton, M\u00e9lanie Ravaux, Lucile Kasedo, C\u00e9cile Subirana, Audrey Irles et Justine Vicens, <em>violon<\/em>&nbsp;; Aude Massat et Sylvia Blondeau, <em>alto<\/em>&nbsp;; Isabelle Massat-Nazon et M\u00e9lody Giot, <em>violoncelle<\/em>&nbsp;;&nbsp;<\/p>\n\n\n\n<p><\/p>\n","protected":false},"excerpt":{"rendered":"<p>L&rsquo;op\u00e9ra au fil du temps Dans la premi\u00e8re partie de ce programme,<a class=\"blog-post-excerpt-more\" href=\"https:\/\/latetdanslesetoiles.com\/index.php\/operas\/\" rel=\"bookmark\"><i class=\"fa fa-angle-double-right\"><\/i><\/a><\/p>\n","protected":false},"author":1,"featured_media":0,"parent":0,"menu_order":0,"comment_status":"closed","ping_status":"closed","template":"","meta":[],"_links":{"self":[{"href":"https:\/\/latetdanslesetoiles.com\/index.php\/wp-json\/wp\/v2\/pages\/854"}],"collection":[{"href":"https:\/\/latetdanslesetoiles.com\/index.php\/wp-json\/wp\/v2\/pages"}],"about":[{"href":"https:\/\/latetdanslesetoiles.com\/index.php\/wp-json\/wp\/v2\/types\/page"}],"author":[{"embeddable":true,"href":"https:\/\/latetdanslesetoiles.com\/index.php\/wp-json\/wp\/v2\/users\/1"}],"replies":[{"embeddable":true,"href":"https:\/\/latetdanslesetoiles.com\/index.php\/wp-json\/wp\/v2\/comments?post=854"}],"version-history":[{"count":9,"href":"https:\/\/latetdanslesetoiles.com\/index.php\/wp-json\/wp\/v2\/pages\/854\/revisions"}],"predecessor-version":[{"id":1169,"href":"https:\/\/latetdanslesetoiles.com\/index.php\/wp-json\/wp\/v2\/pages\/854\/revisions\/1169"}],"wp:attachment":[{"href":"https:\/\/latetdanslesetoiles.com\/index.php\/wp-json\/wp\/v2\/media?parent=854"}],"curies":[{"name":"wp","href":"https:\/\/api.w.org\/{rel}","templated":true}]}}