{"id":914,"date":"2021-07-16T11:33:30","date_gmt":"2021-07-16T09:33:30","guid":{"rendered":"http:\/\/latetdanslesetoiles.com\/?page_id=914"},"modified":"2026-02-14T11:25:53","modified_gmt":"2026-02-14T10:25:53","slug":"6e-edition","status":"publish","type":"page","link":"https:\/\/latetdanslesetoiles.com\/index.php\/6e-edition\/","title":{"rendered":"8e \u00e9dition"},"content":{"rendered":"\n<p><strong>Samedi 6 septembre 2025<\/strong><\/p>\n\n\n\n<p>Canet-en-Roussillon<\/p>\n\n\n\n<p><strong>Th\u00e9\u00e2tre Jean Piat, 21 heures<\/strong>.<\/p>\n\n\n\n<p><strong>Tarifs : <\/strong>18\u20ac \/ r\u00e9duit 15\u20ac \/ enfant 7\u20ac<\/p>\n\n\n\n<h2 class=\"has-text-align-center has-x-large-font-size\">Circ&rsquo;hulon<\/h2>\n\n\n\n<p class=\"has-text-align-center has-black-color has-text-color has-large-font-size\">\u00ab\u00a0<strong>Strampalati<\/strong>\u00ab\u00a0<\/p>\n\n\n\n<h4 class=\"has-text-align-center has-medium-font-size\"><em>Commedia&nbsp;circassienne sur un air d\u2019Italie\u2026<\/em><\/h4>\n\n\n<div class=\"wp-block-image\">\n<figure class=\"aligncenter size-large\"><img loading=\"lazy\" width=\"1024\" height=\"683\" src=\"https:\/\/latetdanslesetoiles.com\/wp-content\/uploads\/2025\/07\/LucieAdde\u0301@-1024x683.jpg\" alt=\"\" class=\"wp-image-1597\" srcset=\"https:\/\/latetdanslesetoiles.com\/wp-content\/uploads\/2025\/07\/LucieAdde\u0301@-1024x683.jpg 1024w, https:\/\/latetdanslesetoiles.com\/wp-content\/uploads\/2025\/07\/LucieAdde\u0301@-300x200.jpg 300w, https:\/\/latetdanslesetoiles.com\/wp-content\/uploads\/2025\/07\/LucieAdde\u0301@-768x512.jpg 768w, https:\/\/latetdanslesetoiles.com\/wp-content\/uploads\/2025\/07\/LucieAdde\u0301@-1536x1024.jpg 1536w, https:\/\/latetdanslesetoiles.com\/wp-content\/uploads\/2025\/07\/LucieAdde\u0301@-2048x1365.jpg 2048w\" sizes=\"(max-width: 1024px) 100vw, 1024px\" \/><figcaption>Lucie Add\u00e9\u00a9<\/figcaption><\/figure><\/div>\n\n\n<p class=\"has-text-align-center\">\u00ab <em>Strampalati <\/em>\u00bb (fous) c\u2019est ce que l\u2019on devient apr\u00e8s avoir pass\u00e9 trop de temps <br>sous le soleil \u00e9crasant du sud italien.<\/p>\n\n\n\n<p>La porte s\u2019ouvre, l\u2019odeur de caf\u00e9 nous accueille\u2026<\/p>\n\n\n\n<p><strong>Avanti signore e signori !<\/strong><\/p>\n\n\n\n<p>Laissez-vous emporter en voyage dans une Italie d\u2019autrefois.<\/p>\n\n\n\n<p>\u00ab\u00a0<em>Strampalati<\/em>\u00a0\u00bb&nbsp;est l\u2019histoire d\u2019un&nbsp;r\u00eave&nbsp;qui devient force et envie de changer, de transformer la trag\u00e9die en&nbsp;chant, avec les armes de l\u2019ironie et la&nbsp;\u00ab&nbsp;<em>strampalata<\/em> \u00bb joie de l\u2019art.<\/p>\n\n\n\n<p><em>Strampalati <\/em>se situe \u00e0 la crois\u00e9e de diverses expressions artistiques. Cirque, th\u00e9\u00e2tre et musique sont les langages \u00e0 travers lesquels prend vie cette fresque d&rsquo;un monde \u00e0 la fois ancien et incroyablement actuel. <\/p>\n\n\n\n<p>Tout public \u00e0 partir de 6 ans<\/p>\n\n\n\n<p><strong>Dur\u00e9\u00e9&nbsp;: 1h30<\/strong><\/p>\n\n\n\n<p class=\"has-large-font-size\"><strong>Distribution&nbsp;<\/strong><\/p>\n\n\n\n<p><strong>INTERPR\u00c9TATION :<\/strong>&nbsp;Lucia Pennini, Antoine Hulon, Florian Demonsant<\/p>\n\n\n\n<p><strong>REGIE LUMI\u00c8RE<\/strong>&nbsp;: Prune Lalouette<\/p>\n\n\n\n<p><strong>CONSTRUCTION CHAPIKIOSQUE :&nbsp;<\/strong>Jacques et Antoine Hulon<\/p>\n\n\n\n<p><strong>COSTUMES :&nbsp;<\/strong>Elisabeth Sonnendrucker<\/p>\n\n\n\n<p><strong>MUSIQUE :&nbsp;<\/strong>Florian Demonsant<\/p>\n\n\n\n<p><strong>CR\u00c9ATION LUMIERES&nbsp;:&nbsp;<\/strong>Vincent Tedesco<\/p>\n\n\n\n<p><strong>ADMINISTRATION :&nbsp;<\/strong>Les Th\u00e9r\u00e8ses<\/p>\n\n\n\n<p><strong>WEB :&nbsp;<\/strong>Fabrice Ferries&nbsp;<strong>GRAPHISME&nbsp;:<\/strong>&nbsp;Lyne Hehlen&nbsp;<strong>VID\u00c9O&nbsp;:&nbsp;<\/strong>Alexis Mahdi<\/p>\n\n\n\n<p><strong>AIDES \u00c0 LA CR\u00c9ATION, COPRODUCTIONS ET ACCUEILS EN R\u00c9SIDENCE&nbsp;:&nbsp;<\/strong><br>DGCA Minist\u00e8re de la Culture et de la communication, DRAC Languedoc-Roussillon-Midi-Pyr\u00e9n\u00e9es, R\u00e9gion Languedoc-Roussillon-Midi-Pyr\u00e9n\u00e9es, Mairie de&nbsp;Graulhet, CIRCA P\u00f4le National Cirque &#8211; Auch Gers Occitanie,&nbsp;Ass. Nickel Chrome et Ville de Martigues, EPCC-Tec St Maurice l\u2019Exil, Mairie de Miss\u00e8cle, Festival Conte Escarpe Mont-Dauphin, Conseil D\u00e9partemental du Tarn.<\/p>\n\n\n\n<figure class=\"wp-block-video\"><video controls src=\"https:\/\/latetdanslesetoiles.com\/wp-content\/uploads\/2025\/07\/TEASER-STRAMPALATI-OK.mp4\"><\/video><\/figure>\n","protected":false},"excerpt":{"rendered":"<p>Samedi 6 septembre 2025 Canet-en-Roussillon Th\u00e9\u00e2tre Jean Piat, 21 heures. Tarifs :<a class=\"blog-post-excerpt-more\" href=\"https:\/\/latetdanslesetoiles.com\/index.php\/6e-edition\/\" rel=\"bookmark\"><i class=\"fa fa-angle-double-right\"><\/i><\/a><\/p>\n","protected":false},"author":1,"featured_media":0,"parent":0,"menu_order":0,"comment_status":"closed","ping_status":"closed","template":"","meta":[],"_links":{"self":[{"href":"https:\/\/latetdanslesetoiles.com\/index.php\/wp-json\/wp\/v2\/pages\/914"}],"collection":[{"href":"https:\/\/latetdanslesetoiles.com\/index.php\/wp-json\/wp\/v2\/pages"}],"about":[{"href":"https:\/\/latetdanslesetoiles.com\/index.php\/wp-json\/wp\/v2\/types\/page"}],"author":[{"embeddable":true,"href":"https:\/\/latetdanslesetoiles.com\/index.php\/wp-json\/wp\/v2\/users\/1"}],"replies":[{"embeddable":true,"href":"https:\/\/latetdanslesetoiles.com\/index.php\/wp-json\/wp\/v2\/comments?post=914"}],"version-history":[{"count":88,"href":"https:\/\/latetdanslesetoiles.com\/index.php\/wp-json\/wp\/v2\/pages\/914\/revisions"}],"predecessor-version":[{"id":1650,"href":"https:\/\/latetdanslesetoiles.com\/index.php\/wp-json\/wp\/v2\/pages\/914\/revisions\/1650"}],"wp:attachment":[{"href":"https:\/\/latetdanslesetoiles.com\/index.php\/wp-json\/wp\/v2\/media?parent=914"}],"curies":[{"name":"wp","href":"https:\/\/api.w.org\/{rel}","templated":true}]}}